{"id":3334,"date":"2018-01-31T19:50:49","date_gmt":"2018-01-31T18:50:49","guid":{"rendered":"http:\/\/interregva-bb-pl.eu\/?page_id=3334\/"},"modified":"2021-02-16T06:40:39","modified_gmt":"2021-02-16T13:40:39","slug":"formularze-i-pouczenia-dla-beneficjentow","status":"publish","type":"page","link":"https:\/\/interregva-bb-pl.eu\/pl\/formularze-i-pouczenia-dla-beneficjentow\/","title":{"rendered":"Formularze i pouczenia dla beneficjent\u00f3w"},"content":{"rendered":"<h4>Wcze\u015bniejsze wersje dokument\u00f3w znajd\u0105 Pa\u0144stwo w archiwum: <a href=\"http:\/\/interregva-bb-pl.eu\/archiv\/\">http:\/\/interregva-bb-pl.eu\/archiv\/<\/a><\/h4>\n<h3><\/h3>\n<h3><span style=\"color: #ff0000;\"><a style=\"color: #ff0000;\" href=\"http:\/\/interregva-bb-pl.eu\/wp-content\/uploads\/2018\/04\/ZWV-INTERREGVA-Muster.pdf\" target=\"_blank\" rel=\"noopener noreferrer\"><strong>Wz\u00f3r umowy o dofinansowanie<\/strong><\/a><\/span><\/h3>\n<h3><span style=\"text-decoration: underline; color: #ff0000;\"><strong>Informacja i promocja:<\/strong><\/span><\/h3>\n<p>\u201cInformacja\u201d:\u00a0<a href=\"http:\/\/interregva-bb-pl.eu\/wp-content\/uploads\/2018\/03\/Luty_Informacja-info-promocja_PL.pdf\">Postanowienia w zakresie informacji i promocji<\/a><\/p>\n<h3><span style=\"color: #ff0000;\"><strong><a style=\"color: #ff0000;\" href=\"http:\/\/interregva-bb-pl.eu\/wp-content\/uploads\/2018\/11\/18_04_25_Wska%C5%BAniki_PL.pdf\" target=\"_blank\" rel=\"noopener noreferrer\">Wska\u017aniki<\/a><\/strong><\/span><\/h3>\n<p><a href=\"https:\/\/interregva-bb-pl.eu\/wp-content\/uploads\/2019\/03\/2018-06-12_Defintion-Outputindikator-Bildungsma%C3%9Fnahmen-PL-.pdf\" target=\"_blank\" rel=\"noopener noreferrer\"><strong><span style=\"font-size: 28px;\">Wska\u017aniki &#8211; projekty edukacyjne<\/span> <\/strong><\/a><\/p>\n<h3><span style=\"text-decoration: underline; color: #ff0000;\"><strong>Sprawozdawczo\u015b\u0107:<\/strong><\/span><\/h3>\n<p><strong><a href=\"https:\/\/interregva-bb-pl.eu\/pl\/dla-beneficjentow\/sprawozdawczosc\/\" target=\"_blank\" rel=\"noopener noreferrer\">Aktualne formularze<\/a><br \/>\n<\/strong><\/p>\n<h3><span style=\"text-decoration: underline;\"><strong><span style=\"color: #ff0000; text-decoration: underline;\">Przetargi:<\/span><\/strong><\/span><\/h3>\n<p>Komunikat Koordynatora Krajowego ws. <a href=\"https:\/\/interregva-bb-pl.eu\/wp-content\/uploads\/2021\/02\/2021-02-03_PZP_KomunikatKK_PL.pdf\" target=\"_blank\" rel=\"noopener\">zasady konkurencyjno\u015bci i obowi\u0105zywania przepis\u00f3w nowej ustawy Prawo zam\u00f3wie\u0144 publicznych (PZP)<\/a><\/p>\n<p>Informacja Koordynatora Krajowego ws. <a href=\"http:\/\/interregva-bb-pl.eu\/wp-content\/uploads\/2018\/11\/Informacja-KK-w-spr.nowelizacji-ust.PZP_.pdf\" target=\"_blank\" rel=\"noopener noreferrer\">nowelizacji ustawy z dnia 29 stycznia 2004 r. prawo zam\u00f3wie\u0144 publicznych<\/a><\/p>\n<p><strong>Aktualizacja<\/strong> z dnia 02.08.2016 r.! Uzupe\u0142nienie dot. ww.\u00a0<a href=\"http:\/\/interregva-bb-pl.eu\/wp-content\/uploads\/2018\/11\/Aktualizowana-nowelizacja-ustawy-Prawo-zam-publicznych.pdf\">nowelizacji<\/a><\/p>\n<p><a href=\"http:\/\/interregva-bb-pl.eu\/wp-content\/uploads\/2016\/12\/guidance_public_proc_pl.pdf\">ZAM\u00d3WIENIA PUBLICZNE \u2013 PORADY DLA OS\u00d3B ODPOWIEDZIALNYCH<\/a><br \/>\nza udzielanie zam\u00f3wie\u0144 publicznych dotycz\u0105ce unikania najcz\u0119stszych b\u0142\u0119d\u00f3w<br \/>\npope\u0142nianych w projektach finansowanych z europejskich funduszy strukturalnych i<br \/>\ninwestycyjnych<\/p>\n<p>&#8220;<a href=\"http:\/\/ec.europa.eu\/regional_policy\/sources\/docgener\/guides\/synergy\/synergies_beneficiaries_pl.pdf\" target=\"_blank\" rel=\"noopener noreferrer\" class=\"broken_link\">Wytyczne dla beneficent\u00f3w<\/a>&#8221;<\/p>\n<h3><span style=\"color: #ff0000;\"><strong><u>\u201cInformacje\u201d\/Pouczenia:<\/u><\/strong><\/span><\/h3>\n<p>Informacja INTERREG: <a href=\"http:\/\/interregva-bb-pl.eu\/wp-content\/uploads\/2017\/06\/Informacja-de-minimis.pdf\" target=\"_blank\" rel=\"noopener noreferrer\">Zasada \u201ede minimis\u201c<\/a><\/p>\n<p>Informacja INTERREG dla <u>polskich<\/u> partner\u00f3w projekt\u00f3w:\u00a0<a href=\"https:\/\/interregva-bb-pl.eu\/wp-content\/uploads\/2021\/02\/Konkurencyjnosc_BB_2021_czysty-1.pdf\" target=\"_blank\" rel=\"noopener noreferrer\">Postanowienia w zakresie zam\u00f3wie\u0144 po zmianach z 15 lutego 2021 r.<\/a><\/p>\n<p>Informacja INTERREG dla <u>polskich<\/u> partner\u00f3w projekt\u00f3w:\u00a0<a href=\"https:\/\/interregva-bb-pl.eu\/wp-content\/uploads\/2021\/02\/Konkurencyjnosc_BB_2021_zmiany-1.pdf\" target=\"_blank\" rel=\"noopener noreferrer\">Postanowienia w zakresie zam\u00f3wie\u0144 &#8211; zmiany z 15 lutego 2021 r.<\/a><\/p>\n<p>Informacja INTERREG dla <u>polskich<\/u> partner\u00f3w projekt\u00f3w:\u00a0<a href=\"https:\/\/interregva-bb-pl.eu\/wp-content\/uploads\/2019\/06\/Konkurencyjno\u015b\u0107__BB_2019_czerwiec2019.pdf\" target=\"_blank\" rel=\"noopener noreferrer\">Postanowienia w zakresie zam\u00f3wie\u0144 &#8211; stan na czerwiec 2019 r. <\/a><\/p>\n<p>Informacja INTERREG dla <u>niemieckich<\/u> partner\u00f3w projekt\u00f3w (zaktualizowane: listopad 2019): <a href=\"https:\/\/interregva-bb-pl.eu\/wp-content\/uploads\/2019\/12\/Merkblatt-Vergabe-f\u00fcr-deutsche-Projektpartner_Nov_2019.pdf\" target=\"_blank\" rel=\"noopener noreferrer\">Zasady udzielania zam\u00f3wie\u0144<\/a><\/p>\n<p>Informacja\u00a0INTERREG: <a href=\"http:\/\/interregva-bb-pl.eu\/wp-content\/uploads\/2017\/06\/Informacja-rowny-status-010617.pdf\" target=\"_blank\" rel=\"noopener noreferrer\">Promowanie r\u00f3wnego statusu m\u0119\u017cczyzn\u00a0i kobiet i niedyskryminacja<\/a><\/p>\n<p>Informacja\u00a0INTERREG: <a href=\"http:\/\/interregva-bb-pl.eu\/wp-content\/uploads\/2017\/06\/Informacja-identyfikacja-010617.pdf\" target=\"_blank\" rel=\"noopener noreferrer\">Identyfikacja w my\u015bl postanowie\u0144\u00a0dot. przeciwdzia\u0142aniu praniu pieni\u0119dzy<\/a><\/p>\n<p>Informacja\u00a0INTERREG: <a href=\"http:\/\/interregva-bb-pl.eu\/wp-content\/uploads\/2017\/06\/Informacja-Definicja-MSP-010617.pdf\" target=\"_blank\" rel=\"noopener noreferrer\">Definicja M\u015aP Unii Europejskiej<\/a><\/p>\n<p>Informacja\u00a0INTERREG: <a href=\"http:\/\/interregva-bb-pl.eu\/wp-content\/uploads\/2017\/06\/Informacja-zrownowazony-rozwoj-010617.pdf\" target=\"_blank\" rel=\"noopener noreferrer\">Zr\u00f3wnowa\u017cony rozw\u00f3j<\/a><\/p>\n<p>Informacja INTERREG: <a href=\"http:\/\/interregva-bb-pl.eu\/wp-content\/uploads\/2017\/06\/Informacja-oswiadczenia-subwencyjne.pdf\" target=\"_blank\" rel=\"noopener noreferrer\">O\u015bwiadczenia w sprawie informacji o\u00a0istotnym znaczeniu dla prawid\u0142owego wykorzystania przyznanego\u00a0dofinansowania<\/a><\/p>\n<p>Informacja INTERREG: <a href=\"http:\/\/interregva-bb-pl.eu\/wp-content\/uploads\/2017\/06\/Informacja-Dzialalnosc-gospodarcza-pozagospodarcza.pdf\" target=\"_blank\" rel=\"noopener noreferrer\">Dzia\u0142alno\u015b\u0107 gospodarcza i pozagospodarcza<\/a><\/p>\n<p>Informacja INTERREG w sprawie <a href=\"http:\/\/interregva-bb-pl.eu\/wp-content\/uploads\/2017\/06\/Informacja-Projekty-generujace-dochod-010617.pdf\" target=\"_blank\" rel=\"noopener noreferrer\">operacji generuj\u0105cych doch\u00f3d<\/a><\/p>\n<p>Informacja INTERREG: <a href=\"https:\/\/interregva-bb-pl.eu\/wp-content\/uploads\/2019\/11\/Informacja-Uslugi-dostawy-powiazania-271119.pdf\" target=\"_blank\" rel=\"noopener noreferrer\">Dostawy i us\u0142ugi przy powi\u0105zaniach<\/a><\/p>\n<p>Informacja INTERREG: <a href=\"http:\/\/interregva-bb-pl.eu\/wp-content\/uploads\/2018\/05\/Informacja-ochrona-danych.pdf\" target=\"_blank\" rel=\"noopener noreferrer\">Ochrona danych<\/a><\/p>\n<h3><span style=\"color: #ff0000;\"><strong>Pomoc publiczna:<\/strong><\/span><\/h3>\n<p><a href=\"http:\/\/interregva-bb-pl.eu\/wp-content\/uploads\/2016\/10\/Prezentacja-pomoc-publiczna-2-nabor.pdf\">Materia\u0142y ze szkolenia Pomoc publiczna z dnia 26.10.2016<\/a><\/p>\n<p>Pomoc publiczna art. 107<\/p>\n<p><a href=\"http:\/\/eur-lex.europa.eu\/legal-content\/PL\/ALL\/?uri=CELEX%3A12008E107\">http:\/\/eur-lex.europa.eu\/legal-content\/PL\/ALL\/?uri=CELEX%3A12008E107<\/a><\/p>\n<p><strong>Zawiadomienie Komisji w sprawie poj\u0119cia pomocy pa\u0144stwa<\/strong><\/p>\n<p><a href=\"http:\/\/interregva-bb-pl.eu\/wp-content\/uploads\/2018\/12\/Dziennik-Urzedowy.pdf\" target=\"_blank\" rel=\"noopener noreferrer\">2016\/C 262\/01<\/a> Zawiadomienie Komisji w sprawie poj\u0119cia pomocy pa\u0144stwa w rozumieniu art. 107 ust. 1 Traktatu o funkcjonowaniu Unii Europejskiej.<\/p>\n<p><strong>Og\u00f3lne rozporz\u0105dzenie w sprawie wy\u0142acze\u0144 blokowych<\/strong><\/p>\n<p><a href=\"http:\/\/interregva-bb-pl.eu\/wp-content\/uploads\/2018\/12\/ROZPORZADZENIE-KOMISJI-UE-NR-6512014.pdf\" target=\"_blank\" rel=\"noopener noreferrer\">Rozporz\u0105dzenie Komisji (UE) nr 651\/2014<\/a> dnia 17.06.2014 r. uznaj\u0105ce niekt\u00f3re rodzaje pomocy za zgodne z rynkiem wewn\u0119trznym w zastosowaniu art. 107 i 108 Traktatu<\/p>\n<p><strong>Pomoc de-minimis<\/strong><\/p>\n<p><a href=\"http:\/\/interregva-bb-pl.eu\/wp-content\/uploads\/2018\/12\/ROZPORZADZENIE-KOMISJI-UE-NR-14072013.pdf\" target=\"_blank\" rel=\"noopener noreferrer\">Rozporz\u0105dzenie Komisji (UE) NR 1407\/2013<\/a> z dnia 18 grudnia 2013 r. w sprawie stosowania art. 107 i 108 Traktatu o funkcjonowaniu Unii Europejskiej do pomocy de minimis<\/p>\n<p><strong>Pomoc de-minimis dla przedsi\u0119biorstw wykonuj\u0105cych us\u0142ugi \u015bwiadczone w og\u00f3lnym interesie gospodarczym<\/strong><\/p>\n<p><a href=\"http:\/\/interregva-bb-pl.eu\/wp-content\/uploads\/2018\/12\/ROZPORZADZENIE-KOMISJI-UE-NR-3602012.pdf\" target=\"_blank\" rel=\"noopener noreferrer\">ROZPORZ\u0104DZENIE KOMISJI (UE) NR 360\/2012<\/a> z dnia 25 kwietnia 2012 r. w sprawie stosowania art. 107 i 108 Traktatu o funkcjonowaniu Unii Europejskiej do pomocy de minimis przyznawanej przedsi\u0119biorstwom wykonuj\u0105cym us\u0142ugi \u015bwiadczone w og\u00f3lnym interesie gospodarczym<\/p>\n<p><strong>Decyzja Komisji dot. pomocy pa\u0144stwa w przypadku us\u0142ug \u015bwiadczonych w og\u00f3lnym interesie gospodarczym<\/strong><\/p>\n<p><a href=\"http:\/\/interregva-bb-pl.eu\/wp-content\/uploads\/2016\/12\/DECYZJA-KOMISJI-z-dnia-20.12.2011.pdf\" target=\"_blank\" rel=\"noopener noreferrer\">DECYZJA KOMISJI<\/a> z dnia 20 grudnia 2011 r. w sprawie stosowania art. 106 ust. 2 Traktatu o funkcjonowaniu Unii Europejskiej do pomocy pa\u0144stwa w formie rekompensaty z tytu\u0142u \u015bwiadczenia us\u0142ug publicznych, przyznawanej przedsi\u0119biorstwom zobowi\u0105zanym do wykonywania us\u0142ug\u015bwiadczonych w og\u00f3lnym interesie gospodarczym<\/p>\n<p><strong>Przewodnik KE dot. us\u0142ug \u015bwiadczonych w og\u00f3lnym interesie gospodarczym<\/strong><\/p>\n<p><a href=\"http:\/\/interregva-bb-pl.eu\/wp-content\/uploads\/2018\/12\/DOKUMENT-ROBOCZY-SLUZB-KOMISJI.pdf\" target=\"_blank\" rel=\"noopener noreferrer\">DOKUMENT ROBOCZY S\u0141U\u017bB KOMISJI<\/a> Przewodnik dotycz\u0105cy stosowania przepis\u00f3w prawa Unii Europejskiej z zakresu pomocy pa\u0144stwa, zam\u00f3wie\u0144 publicznych i rynku wewn\u0119trzego do us\u0142ug \u015bwiadczonych w og\u00f3lnym interesie gospodarczym, w szczeg\u00f3lno\u015bci do us\u0142ug socjalnych \u015bwiadczonych w interesie og\u00f3lnym<\/p>\n<p><strong>Definicja M\u015aP<\/strong><\/p>\n<p><a href=\"http:\/\/interregva-bb-pl.eu\/wp-content\/uploads\/2018\/12\/Poradnik-dla-uzytkownikow-dotyczacy-definicji-MSP.pdf\" target=\"_blank\" rel=\"noopener noreferrer\">Poradnik dla u\u017cytkownik\u00f3w dotycz\u0105cy definicji M\u015aP<\/a><\/p>\n<p><strong>Informacje Komisji Europejskiej dot. Pomocy Publicznej:<\/strong><\/p>\n<p><a href=\"http:\/\/ec.europa.eu\/competition\/state_aid\/legislation\/legislation.html\">http:\/\/ec.europa.eu\/competition\/state_aid\/legislation\/legislation.html<\/a><\/p>\n","protected":false},"excerpt":{"rendered":"<p>Wcze\u015bniejsze wersje dokument\u00f3w znajd\u0105 Pa\u0144stwo w archiwum: http:\/\/interregva-bb-pl.eu\/archiv\/ Wz\u00f3r umowy o dofinansowanie Informacja i promocja: \u201cInformacja\u201d:\u00a0Postanowienia w zakresie informacji i promocji Wska\u017aniki Wska\u017aniki &#8211; projekty edukacyjne Sprawozdawczo\u015b\u0107: Aktualne formularze Przetargi: Komunikat Koordynatora Krajowego ws. zasady konkurencyjno\u015bci i obowi\u0105zywania przepis\u00f3w nowej ustawy Prawo zam\u00f3wie\u0144 publicznych (PZP) Informacja Koordynatora Krajowego ws. nowelizacji ustawy z dnia 29 stycznia [&hellip;]<\/p>\n","protected":false},"author":55,"featured_media":0,"parent":0,"menu_order":0,"comment_status":"closed","ping_status":"closed","template":"","meta":{"site-sidebar-layout":"default","site-content-layout":"default","ast-site-content-layout":"","site-content-style":"default","site-sidebar-style":"default","ast-global-header-display":"","ast-banner-title-visibility":"","ast-main-header-display":"","ast-hfb-above-header-display":"","ast-hfb-below-header-display":"","ast-hfb-mobile-header-display":"","site-post-title":"","ast-breadcrumbs-content":"","ast-featured-img":"","footer-sml-layout":"","theme-transparent-header-meta":"default","adv-header-id-meta":"","stick-header-meta":"","header-above-stick-meta":"","header-main-stick-meta":"","header-below-stick-meta":"","astra-migrate-meta-layouts":"default","ast-page-background-enabled":"default","ast-page-background-meta":{"desktop":{"background-color":"","background-image":"","background-repeat":"repeat","background-position":"center center","background-size":"auto","background-attachment":"scroll","background-type":"","background-media":"","overlay-type":"","overlay-color":"","overlay-opacity":"","overlay-gradient":""},"tablet":{"background-color":"","background-image":"","background-repeat":"repeat","background-position":"center center","background-size":"auto","background-attachment":"scroll","background-type":"","background-media":"","overlay-type":"","overlay-color":"","overlay-opacity":"","overlay-gradient":""},"mobile":{"background-color":"","background-image":"","background-repeat":"repeat","background-position":"center center","background-size":"auto","background-attachment":"scroll","background-type":"","background-media":"","overlay-type":"","overlay-color":"","overlay-opacity":"","overlay-gradient":""}},"ast-content-background-meta":{"desktop":{"background-color":"var(--ast-global-color-5)","background-image":"","background-repeat":"repeat","background-position":"center center","background-size":"auto","background-attachment":"scroll","background-type":"","background-media":"","overlay-type":"","overlay-color":"","overlay-opacity":"","overlay-gradient":""},"tablet":{"background-color":"var(--ast-global-color-5)","background-image":"","background-repeat":"repeat","background-position":"center center","background-size":"auto","background-attachment":"scroll","background-type":"","background-media":"","overlay-type":"","overlay-color":"","overlay-opacity":"","overlay-gradient":""},"mobile":{"background-color":"var(--ast-global-color-5)","background-image":"","background-repeat":"repeat","background-position":"center center","background-size":"auto","background-attachment":"scroll","background-type":"","background-media":"","overlay-type":"","overlay-color":"","overlay-opacity":"","overlay-gradient":""}},"footnotes":""},"class_list":["post-3334","page","type-page","status-publish","hentry"],"_links":{"self":[{"href":"https:\/\/interregva-bb-pl.eu\/pl\/wp-json\/wp\/v2\/pages\/3334"}],"collection":[{"href":"https:\/\/interregva-bb-pl.eu\/pl\/wp-json\/wp\/v2\/pages"}],"about":[{"href":"https:\/\/interregva-bb-pl.eu\/pl\/wp-json\/wp\/v2\/types\/page"}],"author":[{"embeddable":true,"href":"https:\/\/interregva-bb-pl.eu\/pl\/wp-json\/wp\/v2\/users\/55"}],"replies":[{"embeddable":true,"href":"https:\/\/interregva-bb-pl.eu\/pl\/wp-json\/wp\/v2\/comments?post=3334"}],"version-history":[{"count":38,"href":"https:\/\/interregva-bb-pl.eu\/pl\/wp-json\/wp\/v2\/pages\/3334\/revisions"}],"predecessor-version":[{"id":13829,"href":"https:\/\/interregva-bb-pl.eu\/pl\/wp-json\/wp\/v2\/pages\/3334\/revisions\/13829"}],"wp:attachment":[{"href":"https:\/\/interregva-bb-pl.eu\/pl\/wp-json\/wp\/v2\/media?parent=3334"}],"curies":[{"name":"wp","href":"https:\/\/api.w.org\/{rel}","templated":true}]}}